{"id":19724,"date":"2016-05-04T16:50:29","date_gmt":"2016-05-04T21:50:29","guid":{"rendered":"https:\/\/cableado-estructurado.com.co\/netcomp\/producto\/instalacion-redes-cableado-estructurado-fibra-optica\/"},"modified":"2023-08-01T19:14:29","modified_gmt":"2023-08-02T00:14:29","slug":"instalacion-redes-cableado-estructurado-fibra-optica","status":"publish","type":"product","link":"https:\/\/cableado-estructurado.com.co\/netcomp\/producto\/instalacion-redes-cableado-estructurado-fibra-optica\/","title":{"rendered":"Instalaci\u00f3n Redes de Cableado Estructurado"},"content":{"rendered":"<h2 style=\"text-align: center;\"><\/h2>\n<p>&nbsp;<\/p>\n<h1 style=\"text-align: center;\"><span style=\"color: #333399; font-family: tahoma, arial, helvetica, sans-serif; font-size: 24pt;\">Instalaci\u00f3n Redes Cableado Estructurado &#8211; Fibra Optica &#8211; <\/span><\/h1>\n<h1 style=\"text-align: center;\"><span style=\"color: #333399; font-family: tahoma, arial, helvetica, sans-serif; font-size: 24pt;\">Certificaci\u00f3n &#8211; Corriente<\/span><\/h1>\n<p>&nbsp;<\/p>\n<table style=\"border-collapse: collapse; width: 100%;\" border=\"1\">\n<tbody>\n<tr>\n<td style=\"width: 50%;\"><img loading=\"lazy\" decoding=\"async\" class=\"size-full wp-image-19708 aligncenter\" style=\"margin-left: auto; margin-right: auto;\" src=\"https:\/\/cableado-estructurado.com.co\/netcomp\/wp-content\/uploads\/2016\/05\/logo-panduit-panduit-cableado-estructurado.jpeg\" alt=\"Panduit Cableado Estructurado\" width=\"254\" height=\"85\" \/><\/td>\n<td style=\"width: 50%;\"><img loading=\"lazy\" decoding=\"async\" class=\"size-full wp-image-19709 aligncenter\" style=\"margin-left: auto; margin-right: auto;\" src=\"https:\/\/cableado-estructurado.com.co\/netcomp\/wp-content\/uploads\/2016\/05\/amp-net-connect-logo-amp-cableado-estructurado.jpg\" alt=\"AMP Cableado Estructurado\" width=\"214\" height=\"82\" \/><\/td>\n<\/tr>\n<tr>\n<td style=\"width: 50%;\"><img loading=\"lazy\" decoding=\"async\" class=\"size-full wp-image-19710 aligncenter\" style=\"margin-left: auto; margin-right: auto;\" src=\"https:\/\/cableado-estructurado.com.co\/netcomp\/wp-content\/uploads\/2016\/05\/logo-ortronics-ortronics-cableado-estructurado.jpg\" alt=\"Ortronics Cableado Estructurado\" width=\"254\" height=\"121\" \/><\/td>\n<td style=\"width: 50%;\"><img loading=\"lazy\" decoding=\"async\" class=\"size-full wp-image-19711 aligncenter\" style=\"margin-left: auto; margin-right: auto;\" src=\"https:\/\/cableado-estructurado.com.co\/netcomp\/wp-content\/uploads\/2016\/05\/logo-systimax-systimax-cableado-estructurado.gif\" alt=\"Systimax Cableado Estructurado\" width=\"215\" height=\"129\" \/><\/td>\n<\/tr>\n<tr>\n<td style=\"width: 50%;\"><img loading=\"lazy\" decoding=\"async\" class=\"size-full wp-image-19712 aligncenter\" style=\"margin-left: auto; margin-right: auto;\" src=\"https:\/\/cableado-estructurado.com.co\/netcomp\/wp-content\/uploads\/2016\/05\/logo-siemons-siemon-cableado-estructurado.jpg\" alt=\"Siemon Cableado Estructurado\" width=\"238\" height=\"105\" \/><\/td>\n<td style=\"width: 50%;\"><img loading=\"lazy\" decoding=\"async\" class=\"size-full wp-image-19713 aligncenter\" style=\"margin-left: auto; margin-right: auto;\" src=\"https:\/\/cableado-estructurado.com.co\/netcomp\/wp-content\/uploads\/2016\/05\/logo-leviton-cableado-estructurado-leviton.jpg\" alt=\"Cableado Estructurado Leviton\" width=\"202\" height=\"88\" \/><\/td>\n<\/tr>\n<\/tbody>\n<\/table>\n<p>&nbsp;<\/p>\n<p>&nbsp;<\/p>\n<table style=\"border-collapse: collapse; width: 100%;\" border=\"1\">\n<tbody>\n<tr>\n<td style=\"width: 100%;\">\n<h2 style=\"text-align: center;\"><span style=\"color: #333399; font-family: tahoma, arial, helvetica, sans-serif; font-size: 18pt;\"><span style=\"color: #333399; font-family: tahoma, arial, helvetica, sans-serif;\"><span style=\"font-size: 18pt;\">Somos especialistas en instalaciones de Cableado Estructurado, con <\/span><span style=\"font-size: 24px;\">t\u00e9cnicos<\/span> <\/span><\/span><span style=\"color: #333399; font-family: tahoma, arial, helvetica, sans-serif; font-size: 18pt;\"><strong>especializados y certificados en las diferentes marcas.<\/strong><\/span><\/h2>\n<\/td>\n<\/tr>\n<\/tbody>\n<\/table>\n<h2 style=\"text-align: center;\"><span style=\"color: #333399;\"><strong>\u00a0<\/strong><\/span><\/h2>\n<h2 style=\"text-align: center;\"><span style=\"color: #333399; font-family: tahoma, arial, helvetica, sans-serif; font-size: 18pt;\"><strong style=\"line-height: 1.5;\">DISE\u00d1O E INSTALACION REDES CABLEADO ESTRUCTURADO<\/strong><\/span><\/h2>\n<p>&nbsp;<\/p>\n<ul>\n<li>\n<h3><span style=\"font-family: tahoma, arial, helvetica, sans-serif; font-size: 12pt;\">Dise\u00f1o y planificaci\u00f3n de Soluciones de Cableado Estructurado : Datos &#8211; Voz &#8211; Fibra Optica &#8211; Corriente Normal y Regulada &#8211; Media y baja Tension &#8211; Video &#8211; Camaras Cctv<\/span><\/h3>\n<\/li>\n<li>\n<h3><span style=\"font-family: tahoma, arial, helvetica, sans-serif; font-size: 12pt;\">Cableado Estructurado en categoria : 5E &#8211; 6 &#8211; 6A &#8211; 7 &#8211; 7A<\/span><\/h3>\n<\/li>\n<\/ul>\n<p>&nbsp;<\/p>\n<ul>\n<li>\n<h3><span style=\"font-family: tahoma, arial, helvetica, sans-serif; font-size: 12pt;\">\u00a0Cableado Estructurado para Centros de Datos <\/span><\/h3>\n<\/li>\n<li>\n<h3><span style=\"font-family: tahoma, arial, helvetica, sans-serif; font-size: 12pt;\">Traslados y Modificaciones de Cableado Estructurado\u00a0<\/span><\/h3>\n<\/li>\n<li>\n<h3><span style=\"font-family: tahoma, arial, helvetica, sans-serif; font-size: 12pt;\"><b>Cableado Estructurado<\/b>\u00a0para\u00a0<b>salas de conferencia<\/b><\/span><\/h3>\n<\/li>\n<li>\n<h3><span style=\"font-family: tahoma, arial, helvetica, sans-serif; font-size: 12pt;\">Obra civil para\u00a0<b>cableado estructurado<\/b><\/span><\/h3>\n<\/li>\n<li>\n<h3><span style=\"font-family: tahoma, arial, helvetica, sans-serif; font-size: 12pt;\"><b><\/b>Redes l\u00f3gicas y de potencia para <b>Salas de Juntas<\/b>.<\/span><\/h3>\n<\/li>\n<\/ul>\n<p>&nbsp;<\/p>\n<p><img loading=\"lazy\" decoding=\"async\" class=\"size-full wp-image-19714 aligncenter\" style=\"margin-left: auto; margin-right: auto;\" src=\"https:\/\/cableado-estructurado.com.co\/netcomp\/wp-content\/uploads\/2016\/05\/cableado-estructurado-instalacion-cableado-estructurado-instalacion.jpg\" alt=\"Cableado Estructurado Instalacion\" width=\"400\" height=\"400\" \/><\/p>\n<ul>\n<li><img loading=\"lazy\" decoding=\"async\" class=\"size-full wp-image-19715 aligncenter\" style=\"margin-left: auto; margin-right: auto;\" src=\"https:\/\/cableado-estructurado.com.co\/netcomp\/wp-content\/uploads\/2016\/05\/iphone-006-canaleta-en-techo-cableado-estructurado.JPG\" alt=\"Canaleta en Techo Cableado Estructurado\" width=\"638\" height=\"478\" \/><\/li>\n<\/ul>\n<p>&nbsp;<\/p>\n<p>&nbsp;<\/p>\n<p>&nbsp;<\/p>\n<p>&nbsp;<\/p>\n<p>&nbsp;<\/p>\n<h3 style=\"text-align: center;\"><span style=\"color: #333399; font-size: 18pt; font-family: tahoma, arial, helvetica, sans-serif;\"><strong>DISE\u00d1O E INSTALACION REDES DE FIBRA OPTICA<\/strong><\/span><\/h3>\n<ul>\n<li>\n<h3><span style=\"font-family: tahoma, arial, helvetica, sans-serif; font-size: 12pt;\">Dise\u00f1o y planificaci\u00f3n de Soluciones de Fibra Optica : Multimodo &#8211; Monomodo<\/span><\/h3>\n<\/li>\n<li>\n<h3><span style=\"font-family: tahoma, arial, helvetica, sans-serif; font-size: 12pt;\">Certificacion Redes de Fibra Optica<\/span><\/h3>\n<\/li>\n<li>\n<h3><span style=\"font-family: tahoma, arial, helvetica, sans-serif; font-size: 12pt;\">Tendido de Redes \u00a0Fibra Optica<\/span><\/h3>\n<\/li>\n<li>\n<h3><span style=\"font-family: tahoma, arial, helvetica, sans-serif; font-size: 12pt;\">Conectorizacion de Fibra Optica<\/span><\/h3>\n<\/li>\n<\/ul>\n<p>&nbsp;<\/p>\n<p>&nbsp;<\/p>\n<p><img loading=\"lazy\" decoding=\"async\" class=\"size-full wp-image-19716 aligncenter\" style=\"margin-left: auto; margin-right: auto;\" src=\"https:\/\/cableado-estructurado.com.co\/netcomp\/wp-content\/uploads\/2016\/05\/1292439099_147072734_2-conectividad-redes-fibra-optica-wireless-sist-de-vigilancia-cctv-e-ip-soporte-comput-valparaiso-1292439099-redes-de-fibra-optica.jpg\" alt=\"Redes de Fibra Optica\" width=\"490\" height=\"368\" \/><\/p>\n<h2><\/h2>\n<h2 style=\"text-align: center;\"><span style=\"color: #333399; font-size: 18pt; font-family: tahoma, arial, helvetica, sans-serif;\"><strong>DISE\u00d1O E INSTALACIONES REDES ELECTRICAS E ILUMINACION<\/strong><\/span><\/h2>\n<p>&nbsp;<\/p>\n<p>&nbsp;<\/p>\n<ul>\n<li>\n<h3><span style=\"font-family: tahoma, arial, helvetica, sans-serif;\">\u00a0Dise\u00f1o y planificaci\u00f3n de Soluciones de Cableado El\u00e9ctrico: Media y baja Tensi\u00f3n de acuerdo a los est\u00e1ndares RETIE y NEC2014<\/span><\/h3>\n<\/li>\n<li>\n<h3><span style=\"font-family: tahoma, arial, helvetica, sans-serif;\">Circuitos El\u00e9ctricos para Redes de Cableado El\u00e9ctrico<\/span><\/h3>\n<\/li>\n<li>\n<h3><span style=\"font-family: tahoma, arial, helvetica, sans-serif;\">Instalaci\u00f3n de Tableros El\u00e9ctricos<\/span><\/h3>\n<\/li>\n<li>\n<h3><span style=\"font-family: tahoma, arial, helvetica, sans-serif;\">Traslados y Modificaciones de Tableros El\u00e9ctricos<\/span><\/h3>\n<\/li>\n<li>\n<h3><span style=\"font-family: tahoma, arial, helvetica, sans-serif;\">Balanceo de Cargas en Tableros El\u00e9ctricos<\/span><\/h3>\n<\/li>\n<li>\n<h3><span style=\"font-family: tahoma, arial, helvetica, sans-serif;\">Dise\u00f1os de Iluminaci\u00f3n de Acuerdo al Est\u00e1ndar RETILAP<\/span><\/h3>\n<\/li>\n<li>\n<h3><span style=\"font-family: tahoma, arial, helvetica, sans-serif;\">Dise\u00f1o de Instalaci\u00f3n de Iluminaci\u00f3n Salas de Juntas.<\/span><\/h3>\n<\/li>\n<\/ul>\n<p>&nbsp;<\/p>\n<p>&nbsp;<\/p>\n<p>&nbsp;<\/p>\n<p><img loading=\"lazy\" decoding=\"async\" class=\"size-full wp-image-19717 aligncenter\" style=\"margin-left: auto; margin-right: auto;\" src=\"https:\/\/cableado-estructurado.com.co\/netcomp\/wp-content\/uploads\/2016\/05\/gabinete-electrico-ordenado-instalacion-redes-electricas.jpg\" alt=\"Instalacion Redes electricas\" width=\"394\" height=\"525\" \/><\/p>\n<p>&nbsp;<\/p>\n<p>&nbsp;<\/p>\n<p>&nbsp;<\/p>\n<h2 style=\"text-align: center;\"><span style=\"color: #333399; font-size: 18pt; font-family: tahoma, arial, helvetica, sans-serif;\"><strong>DISE\u00d1O E INSTALACION DE CABLEADO ESTRUCTURADO PARA SALAS DE JUNTAS Y AUDITORIOS<\/strong><\/span><\/h2>\n<p>&nbsp;<\/p>\n<p>&nbsp;<\/p>\n<ul>\n<li>\n<h3><span style=\"font-family: tahoma, arial, helvetica, sans-serif;\">Dise\u00f1o y planificaci\u00f3n de Soluciones de Cableado Estructurado:\u00a0Datos &#8211; Voz &#8211; Corriente Normal y Regulada &#8211; Video &#8211; Sonido &#8211; C\u00e1maras Cctv<\/span><\/h3>\n<\/li>\n<li>\n<h3><span style=\"font-family: tahoma, arial, helvetica, sans-serif;\">Instalaci\u00f3n de Puntos de Video: HDMI y VGA<\/span><\/h3>\n<\/li>\n<li>\n<h3><span style=\"font-family: tahoma, arial, helvetica, sans-serif;\">Instalaci\u00f3n de Puntos de Sonido<\/span><\/h3>\n<\/li>\n<li>\n<h3><span style=\"font-family: tahoma, arial, helvetica, sans-serif;\">Instalaci\u00f3n de Video Beam: Soportes &#8211; Ascensores<\/span><\/h3>\n<\/li>\n<li>\n<h3><span style=\"font-family: tahoma, arial, helvetica, sans-serif;\">Instalaci\u00f3n de Equipos Audiovisuales: Video Beam, TV, Tableros Inteligentes, Telones<\/span><\/h3>\n<\/li>\n<li>\n<h3><span style=\"font-family: tahoma, arial, helvetica, sans-serif;\">Remodelaciones y Obra Civil<\/span><\/h3>\n<\/li>\n<\/ul>\n<p>&nbsp;<\/p>\n<p>&nbsp;<\/p>\n<p><img loading=\"lazy\" decoding=\"async\" class=\"size-full wp-image-19718 aligncenter\" style=\"margin-left: auto; margin-right: auto;\" src=\"https:\/\/cableado-estructurado.com.co\/netcomp\/wp-content\/uploads\/2016\/05\/cableado-estructurado-sala-juntas_1-cableado-estructurado-sala-de-juntas.png\" alt=\"Cableado Estructurado Sala de Juntas\" width=\"455\" height=\"341\" \/><\/p>\n<p>&nbsp;<\/p>\n<p>&nbsp;<\/p>\n<ul>\n<li><img loading=\"lazy\" decoding=\"async\" class=\"size-full wp-image-19719 aligncenter\" style=\"margin-left: auto; margin-right: auto;\" src=\"https:\/\/cableado-estructurado.com.co\/netcomp\/wp-content\/uploads\/2016\/05\/cableado-estructurado-gromet-mesa-juntas-sala-de-juntas-cableado-estructurado.png\" alt=\"Sala de Juntas Cableado Estructurado\" width=\"356\" height=\"479\" \/><\/li>\n<\/ul>\n<p><strong>\u00a0<\/strong><\/p>\n<p>&nbsp;<\/p>\n<p>&nbsp;<\/p>\n<p><a title=\"Cableado Estructurado AMP Commscope\" href=\"https:\/\/netcomp.co\/es\/133-cableado-estructurado-bogota\" target=\"_blank\" rel=\"noopener noreferrer\"><img loading=\"lazy\" decoding=\"async\" class=\"aligncenter\" src=\"https:\/\/netcomp.co\/img\/cms\/boton%20contacto%20paginas%20-%20netcomp3.jpg\" alt=\"contactanos\" width=\"373\" height=\"157\" \/><\/a><\/p>\n<p>&nbsp;<\/p>\n<p>&nbsp;<\/p>\n<p>&nbsp;<\/p>\n<ul>\n<li style=\"text-align: center;\">\n<h2><span style=\"font-family: tahoma, arial, helvetica, sans-serif; font-size: 18pt; color: #333399;\"><strong>CABLEADO ESTRUCTURADO<\/strong><\/span><\/h2>\n<\/li>\n<\/ul>\n<p>&nbsp;<\/p>\n<p>&nbsp;<\/p>\n<p>&nbsp;<\/p>\n<ul>\n<li style=\"text-align: center;\"><strong><img loading=\"lazy\" decoding=\"async\" class=\" size-full wp-image-19720\" src=\"https:\/\/cableado-estructurado.com.co\/netcomp\/wp-content\/uploads\/2016\/05\/iphone-041-bandeja-portacable-cableado-estructurado.JPG\" alt=\"Bandeja Portacable cableado estructurado\" width=\"648\" height=\"486\" \/><\/strong><\/li>\n<\/ul>\n<p>&nbsp;<\/p>\n<p>&nbsp;<\/p>\n<ul>\n<li style=\"text-align: center;\"><strong><img loading=\"lazy\" decoding=\"async\" class=\" size-full wp-image-19721\" src=\"https:\/\/cableado-estructurado.com.co\/netcomp\/wp-content\/uploads\/2016\/05\/iphone-244-trabajo-en-alturas-cableado-estructurado.JPG\" alt=\"Trabajo en Alturas - Cableado Estructurado\" width=\"584\" height=\"779\" \/><\/strong><\/li>\n<\/ul>\n<p>&nbsp;<\/p>\n<ul>\n<li style=\"text-align: center;\"><strong><img loading=\"lazy\" decoding=\"async\" class=\" size-full wp-image-19722\" src=\"https:\/\/cableado-estructurado.com.co\/netcomp\/wp-content\/uploads\/2016\/05\/iphone-252-cableado-estructurado-trabajo-seguro-en-alturas.JPG\" alt=\"Cableado Estructurado - Trabajo Seguro en Alturas\" width=\"523\" height=\"697\" \/><\/strong><\/li>\n<li><\/li>\n<\/ul>\n<p>&nbsp;<\/p>\n<ul>\n<li style=\"text-align: center;\"><strong><img loading=\"lazy\" decoding=\"async\" class=\" size-full wp-image-19723\" src=\"https:\/\/cableado-estructurado.com.co\/netcomp\/wp-content\/uploads\/2016\/05\/iphone-036-cableado-estructurado.JPG\" alt=\"Cableado Estructurado\" width=\"511\" height=\"682\" \/><\/strong><\/li>\n<\/ul>\n<p>&nbsp;<\/p>\n<p>&nbsp;<\/p>\n<p><a href=\"https:\/\/api.whatsapp.com\/send?phone=573168788749\" target=\"_blank\" rel=\"noopener\"><img loading=\"lazy\" decoding=\"async\" class=\"aligncenter wp-image-20467\" src=\"https:\/\/cableado-estructurado.com.co\/netcomp\/wp-content\/uploads\/2018\/07\/whatsapp-logo-mensaje.jpg\" alt=\"\" width=\"290\" height=\"220\" \/><\/a><\/p>\n<p><a title=\"Cableado Estructurado AMP Commscope\" href=\"https:\/\/netcomp.co\/es\/133-cableado-estructurado-bogota\" target=\"_blank\" rel=\"noopener noreferrer\"><img loading=\"lazy\" decoding=\"async\" class=\"aligncenter\" src=\"https:\/\/netcomp.co\/img\/cms\/boton%20contacto%20paginas%20-%20netcomp3.jpg\" alt=\"contactanos\" width=\"373\" height=\"157\" \/><\/a><\/p>\n","protected":false},"excerpt":{"rendered":"<h2><span style=\"font-family: tahoma, arial, helvetica, sans-serif; font-size: 14pt; color: #333399;\">Cableado Estructurado &#8211; Fibra Optica &#8211; Certificacion &#8211; Corriente &#8211; Instalaci\u00f3n<\/span><\/h2>\n","protected":false},"featured_media":19715,"comment_status":"open","ping_status":"closed","template":"","meta":{"_et_pb_use_builder":"","_et_pb_old_content":"","_et_gb_content_width":""},"product_brand":[],"product_cat":[5124,37,98],"product_tag":[20362,20361,20353,20348,20359,20283,20355,20347,20360,20358,18004,20346,20357,20363,19947,20354,20352,20356],"class_list":["post-19724","product","type-product","status-publish","has-post-thumbnail","product_cat-cableado-estructurado","product_cat-fibra-optica-y-accesorios","product_cat-instalacion-de-redes-de-cableado-estructurado","product_tag-cable-de-fibra-optica","product_tag-cable-de-red","product_tag-cableado-de-red-para-una-empresa","product_tag-cableado-estructurado-empresas","product_tag-cableado-estructurado-en-bogota","product_tag-cableado-estructurado-salas-de-j","product_tag-companias-de-cableado-estructurado","product_tag-diseno-de-cableado-estructurado","product_tag-empresas-de-redes-y-cableado-estructurado","product_tag-empresas-que-se-dedican-al-cableado-estructurado","product_tag-fibra-optica","product_tag-instalacion-de-cableado-estructu","product_tag-instalacion-de-redes-bogota","product_tag-instalaciones-de-redes","product_tag-redes-de-cableado-estructurado","product_tag-servicio-de-cableado-estructurado","product_tag-servicio-de-redes-y-cableado-estructurado","product_tag-venta-de-cableado-estructurado-en-bogota","first","instock","taxable","shipping-taxable","product-type-simple"],"_links":{"self":[{"href":"https:\/\/cableado-estructurado.com.co\/netcomp\/wp-json\/wp\/v2\/product\/19724","targetHints":{"allow":["GET"]}}],"collection":[{"href":"https:\/\/cableado-estructurado.com.co\/netcomp\/wp-json\/wp\/v2\/product"}],"about":[{"href":"https:\/\/cableado-estructurado.com.co\/netcomp\/wp-json\/wp\/v2\/types\/product"}],"replies":[{"embeddable":true,"href":"https:\/\/cableado-estructurado.com.co\/netcomp\/wp-json\/wp\/v2\/comments?post=19724"}],"wp:featuredmedia":[{"embeddable":true,"href":"https:\/\/cableado-estructurado.com.co\/netcomp\/wp-json\/wp\/v2\/media\/19715"}],"wp:attachment":[{"href":"https:\/\/cableado-estructurado.com.co\/netcomp\/wp-json\/wp\/v2\/media?parent=19724"}],"wp:term":[{"taxonomy":"product_brand","embeddable":true,"href":"https:\/\/cableado-estructurado.com.co\/netcomp\/wp-json\/wp\/v2\/product_brand?post=19724"},{"taxonomy":"product_cat","embeddable":true,"href":"https:\/\/cableado-estructurado.com.co\/netcomp\/wp-json\/wp\/v2\/product_cat?post=19724"},{"taxonomy":"product_tag","embeddable":true,"href":"https:\/\/cableado-estructurado.com.co\/netcomp\/wp-json\/wp\/v2\/product_tag?post=19724"}],"curies":[{"name":"wp","href":"https:\/\/api.w.org\/{rel}","templated":true}]}}